{"version":"1.0","provider_name":"ASSOCIATION FOR SOUTH SUDAN","provider_url":"https:\/\/spolekjiznisudan.cz\/en","author_name":"David Floryk","author_url":"https:\/\/spolekjiznisudan.cz\/en\/author\/davidf\/","title":"DOPIS V\u0160EM, KDO PODPORUJ\u00cd D\u011aTI V JI\u017dN\u00cdM S\u00daD\u00c1NU - Spolek pro Ji\u017en\u00ed S\u00fad\u00e1n","type":"rich","width":600,"height":338,"html":"<blockquote class=\"wp-embedded-content\" data-secret=\"y55HHrgWSc\"><a href=\"https:\/\/spolekjiznisudan.cz\/en\/2024\/07\/24\/dopis-darcum-podporujicim-deti-v-jiznim-sudanu\/\">DOPIS V\u0160EM, KDO PODPORUJ\u00cd D\u011aTI V&nbsp;JI\u017dN\u00cdM S\u00daD\u00c1NU<\/a><\/blockquote><iframe sandbox=\"allow-scripts\" security=\"restricted\" src=\"https:\/\/spolekjiznisudan.cz\/en\/2024\/07\/24\/dopis-darcum-podporujicim-deti-v-jiznim-sudanu\/embed\/#?secret=y55HHrgWSc\" width=\"600\" height=\"338\" title=\"&#8220;DOPIS V\u0160EM, KDO PODPORUJ\u00cd D\u011aTI V&nbsp;JI\u017dN\u00cdM S\u00daD\u00c1NU&#8221; &#8212; Spolek pro Ji\u017en\u00ed S\u00fad\u00e1n\" data-secret=\"y55HHrgWSc\" frameborder=\"0\" marginwidth=\"0\" marginheight=\"0\" scrolling=\"no\" class=\"wp-embedded-content\"><\/iframe><script type=\"text\/javascript\">\n\/* <![CDATA[ *\/\n\/*! This file is auto-generated *\/\n!function(d,l){\"use strict\";l.querySelector&&d.addEventListener&&\"undefined\"!=typeof URL&&(d.wp=d.wp||{},d.wp.receiveEmbedMessage||(d.wp.receiveEmbedMessage=function(e){var t=e.data;if((t||t.secret||t.message||t.value)&&!\/[^a-zA-Z0-9]\/.test(t.secret)){for(var s,r,n,a=l.querySelectorAll('iframe[data-secret=\"'+t.secret+'\"]'),o=l.querySelectorAll('blockquote[data-secret=\"'+t.secret+'\"]'),c=new RegExp(\"^https?:$\",\"i\"),i=0;i<o.length;i++)o[i].style.display=\"none\";for(i=0;i<a.length;i++)s=a[i],e.source===s.contentWindow&&(s.removeAttribute(\"style\"),\"height\"===t.message?(1e3<(r=parseInt(t.value,10))?r=1e3:~~r<200&&(r=200),s.height=r):\"link\"===t.message&&(r=new URL(s.getAttribute(\"src\")),n=new URL(t.value),c.test(n.protocol))&&n.host===r.host&&l.activeElement===s&&(d.top.location.href=t.value))}},d.addEventListener(\"message\",d.wp.receiveEmbedMessage,!1),l.addEventListener(\"DOMContentLoaded\",function(){for(var e,t,s=l.querySelectorAll(\"iframe.wp-embedded-content\"),r=0;r<s.length;r++)(t=(e=s[r]).getAttribute(\"data-secret\"))||(t=Math.random().toString(36).substring(2,12),e.src+=\"#?secret=\"+t,e.setAttribute(\"data-secret\",t)),e.contentWindow.postMessage({message:\"ready\",secret:t},\"*\")},!1)))}(window,document);\n\/\/# sourceURL=https:\/\/spolekjiznisudan.cz\/wp-includes\/js\/wp-embed.min.js\n\/* ]]> *\/\n<\/script>","thumbnail_url":"https:\/\/spolekjiznisudan.cz\/wp-content\/uploads\/2024\/07\/eva.jpg","thumbnail_width":666,"thumbnail_height":533,"description":"T\u00fdm Spolku pro Ji\u017en\u00ed S\u00fad\u00e1n nav\u0161t\u00edvil letos v&nbsp;\u010dervnu jihos\u00fad\u00e1nskou osadu Obama, kde \u017eij\u00ed sirotci podporovan\u00ed z&nbsp;\u010cR. Pan\u00ed Eva si s&nbsp;d\u011btmi pov\u00eddala mezi \u010dty\u0159ma o\u010dima a sv\u00e9 post\u0159ehy sd\u00edl\u00ed v&nbsp;dopise, kter\u00fd naleznete zde"}